{"id":28,"date":"2019-10-11T18:40:58","date_gmt":"2019-10-11T18:40:58","guid":{"rendered":"http:\/\/testing.taegener.eu\/?page_id=28"},"modified":"2024-01-15T14:14:36","modified_gmt":"2024-01-15T14:14:36","slug":"vorstand","status":"publish","type":"page","link":"https:\/\/bctempelhof.de\/?page_id=28","title":{"rendered":"Vorstand"},"content":{"rendered":"\n<p>Der Vorstand des BC Tempelhof stellt sich vor <\/p>\n\n\n\n<p>Der Vorstand des BC Tempelhof besteht laut <a href=\"https:\/\/bctempelhof.de\/?page_id=142\" target=\"_blank\" rel=\"noreferrer noopener\">Satzung<\/a> aus f\u00fcnf Personen. Diese d\u00fcrfen zudem Aufgaben an andere Vereinsmitglieder delegieren, die ihnen gerne bei ihrer Arbeit helfen m\u00f6chten. Ihr k\u00f6nnt den Vorstand unter den unten angegebenen Telefonnummern und E-Mail Adressen direkt erreichen, oder einfach unser <a href=\"https:\/\/bctempelhof.de\/?page_id=52\" target=\"_blank\" rel=\"noreferrer noopener\">Kontaktformular<\/a> ausf\u00fcllen. Der aktuelle Vorstand wurde auf der letzten Mitgliederversammlung gew\u00e4hlt und setzt sich folgenderma\u00dfen zusammen.<\/p>\n\n\n\n<div class=\"wp-block-columns is-layout-flex wp-container-core-columns-is-layout-9d6595d7 wp-block-columns-is-layout-flex\">\n<div class=\"wp-block-column is-layout-flow wp-block-column-is-layout-flow\"><\/div>\n<\/div>\n\n\n\n<div class=\"wp-block-group alignwide\"><div class=\"wp-block-group__inner-container is-layout-flow wp-block-group-is-layout-flow\">\n<div class=\"wp-block-media-text alignwide is-stacked-on-mobile\"><figure class=\"wp-block-media-text__media\"><img loading=\"lazy\" decoding=\"async\" width=\"1024\" height=\"1024\" src=\"https:\/\/bctempelhof.de\/wp-content\/uploads\/2019\/10\/BCTempelhofNeueVariante-1024x1024.jpg\" alt=\"\" class=\"wp-image-39 size-full\" srcset=\"https:\/\/bctempelhof.de\/wp-content\/uploads\/2019\/10\/BCTempelhofNeueVariante-1024x1024.jpg 1024w, https:\/\/bctempelhof.de\/wp-content\/uploads\/2019\/10\/BCTempelhofNeueVariante-150x150.jpg 150w, https:\/\/bctempelhof.de\/wp-content\/uploads\/2019\/10\/BCTempelhofNeueVariante-300x300.jpg 300w, https:\/\/bctempelhof.de\/wp-content\/uploads\/2019\/10\/BCTempelhofNeueVariante-768x767.jpg 768w\" sizes=\"auto, (max-width: 1024px) 100vw, 1024px\" \/><\/figure><div class=\"wp-block-media-text__content\">\n<p><strong>Sabine Lorenz<\/strong><br>1. Vorsitzender<\/p>\n\n\n\n<p style=\"font-size:14px\">Im Amt seit: 2022<br>Im Verein seit: <br>Aktiv: 5. Mannschaft<br>Tel: 0176 \/ 4583 32 01<br>E-Mail:\u00a0<a href=\"mailto:1.vorsitzender@bctempelhof.de\">1.vorsitzender@bctempelhof.de<\/a><\/p>\n<\/div><\/div>\n\n\n\n<div class=\"wp-block-media-text alignwide is-stacked-on-mobile\"><figure class=\"wp-block-media-text__media\"><img loading=\"lazy\" decoding=\"async\" width=\"1024\" height=\"1024\" src=\"https:\/\/bctempelhof.de\/wp-content\/uploads\/2019\/10\/BCTempelhofNeueVariante-1024x1024.jpg\" alt=\"\" class=\"wp-image-39 size-full\" srcset=\"https:\/\/bctempelhof.de\/wp-content\/uploads\/2019\/10\/BCTempelhofNeueVariante-1024x1024.jpg 1024w, https:\/\/bctempelhof.de\/wp-content\/uploads\/2019\/10\/BCTempelhofNeueVariante-150x150.jpg 150w, https:\/\/bctempelhof.de\/wp-content\/uploads\/2019\/10\/BCTempelhofNeueVariante-300x300.jpg 300w, https:\/\/bctempelhof.de\/wp-content\/uploads\/2019\/10\/BCTempelhofNeueVariante-768x767.jpg 768w\" sizes=\"auto, (max-width: 1024px) 100vw, 1024px\" \/><\/figure><div class=\"wp-block-media-text__content\">\n<p><strong>Celina Lorenz<\/strong><br>2. Vorsitzender<\/p>\n\n\n\n<p style=\"font-size:14px\">Im Amt seit: 2022<br>Im Verein seit: <br>Aktiv: 4. Mannschaft<br>Tel: 0176 \/ 473 02 064<br>E-Mail:\u00a0<a href=\"mailto:2.vorsitzender@bctempelhof.de\">2.vorsitzender@bctempelhof.de<\/a><\/p>\n<\/div><\/div>\n<\/div><\/div>\n\n\n\n<p><\/p>\n\n\n\n<div class=\"wp-block-media-text alignwide is-stacked-on-mobile\"><figure class=\"wp-block-media-text__media\"><img loading=\"lazy\" decoding=\"async\" width=\"1024\" height=\"599\" src=\"https:\/\/bctempelhof.de\/wp-content\/uploads\/2021\/03\/trainer-1024x599.jpg\" alt=\"\" class=\"wp-image-629 size-full\" srcset=\"https:\/\/bctempelhof.de\/wp-content\/uploads\/2021\/03\/trainer-1024x599.jpg 1024w, https:\/\/bctempelhof.de\/wp-content\/uploads\/2021\/03\/trainer-300x175.jpg 300w, https:\/\/bctempelhof.de\/wp-content\/uploads\/2021\/03\/trainer-768x449.jpg 768w, https:\/\/bctempelhof.de\/wp-content\/uploads\/2021\/03\/trainer-1536x898.jpg 1536w, https:\/\/bctempelhof.de\/wp-content\/uploads\/2021\/03\/trainer-2048x1198.jpg 2048w\" sizes=\"auto, (max-width: 1024px) 100vw, 1024px\" \/><\/figure><div class=\"wp-block-media-text__content\">\n<p><strong>Andreas Bernwald<\/strong><br>Sportwart<\/p>\n\n\n\n<p style=\"font-size:14px\">Im Amt seit: 2007<br>Im Verein seit: 2001<br>Aktiv: 1. Mannschaft<br>Tel: 0152 \/ 085 516 82<br>E-Mail:\u00a0<a href=\"mailto:sportwart@bctempelhof.de\">sportwart@bctempelhof.de<\/a><\/p>\n<\/div><\/div>\n\n\n\n<p> <\/p>\n\n\n\n<div class=\"wp-block-media-text alignwide is-stacked-on-mobile\"><figure class=\"wp-block-media-text__media\"><img loading=\"lazy\" decoding=\"async\" width=\"1024\" height=\"1024\" src=\"https:\/\/bctempelhof.de\/wp-content\/uploads\/2019\/10\/BCTempelhofNeueVariante-1024x1024.jpg\" alt=\"\" class=\"wp-image-39 size-full\" srcset=\"https:\/\/bctempelhof.de\/wp-content\/uploads\/2019\/10\/BCTempelhofNeueVariante-1024x1024.jpg 1024w, https:\/\/bctempelhof.de\/wp-content\/uploads\/2019\/10\/BCTempelhofNeueVariante-150x150.jpg 150w, https:\/\/bctempelhof.de\/wp-content\/uploads\/2019\/10\/BCTempelhofNeueVariante-300x300.jpg 300w, https:\/\/bctempelhof.de\/wp-content\/uploads\/2019\/10\/BCTempelhofNeueVariante-768x767.jpg 768w\" sizes=\"auto, (max-width: 1024px) 100vw, 1024px\" \/><\/figure><div class=\"wp-block-media-text__content\">\n<p><strong>Anne Ernst<\/strong><br>Jugendsportwart<\/p>\n\n\n\n<p style=\"font-size:14px\">Im Amt seit: 2021<br>Im Verein seit:<br>Aktiv: 3. Mannschaft<br>Tel: 0174 \/ 903 04 74<br>E-Mail:\u00a0<a href=\"mailto:jugendsportwart@bctempelhof.de\">jugendsportwart@bctempelhof.de<\/a><\/p>\n<\/div><\/div>\n\n\n\n<p> <\/p>\n\n\n\n<div class=\"wp-block-media-text alignwide is-stacked-on-mobile\"><figure class=\"wp-block-media-text__media\"><img loading=\"lazy\" decoding=\"async\" width=\"1024\" height=\"1024\" src=\"https:\/\/bctempelhof.de\/wp-content\/uploads\/2019\/10\/BCTempelhofNeueVariante-1024x1024.jpg\" alt=\"\" class=\"wp-image-39 size-full\" srcset=\"https:\/\/bctempelhof.de\/wp-content\/uploads\/2019\/10\/BCTempelhofNeueVariante-1024x1024.jpg 1024w, https:\/\/bctempelhof.de\/wp-content\/uploads\/2019\/10\/BCTempelhofNeueVariante-150x150.jpg 150w, https:\/\/bctempelhof.de\/wp-content\/uploads\/2019\/10\/BCTempelhofNeueVariante-300x300.jpg 300w, https:\/\/bctempelhof.de\/wp-content\/uploads\/2019\/10\/BCTempelhofNeueVariante-768x767.jpg 768w\" sizes=\"auto, (max-width: 1024px) 100vw, 1024px\" \/><\/figure><div class=\"wp-block-media-text__content\">\n<p><strong>Christian Knauer<\/strong><br>Kassenwart<\/p>\n\n\n\n<p style=\"font-size:14px\">Im Amt seit: 2016<br>Im Verein seit: 2012<br>Aktiv: Ersatzspieler<br>Tel: 0176 \/ 600 278 10<br>E-Mail:&nbsp;<a href=\"mailto:kassenwart@bctempelhof.de\" target=\"_blank\" rel=\"noreferrer noopener\">kassenwart@bctempelhof.de<\/a><\/p>\n<\/div><\/div>\n\n\n\n<h2 class=\"wp-block-heading\">Die bisherigen Vorstandsmitglieder<\/h2>\n\n\n\n<p>Wir freuen uns sehr, dass sich immer wieder motivierte Mitglieder finden, die unseren kleinen Verein durch die sportlichen und b\u00fcrokratischen Herausforderungen navigieren m\u00f6chten. Doch nicht nur den aktuellen Vorstandsmitgliedern geb\u00fchrt Dank f\u00fcr ihre ehrenamtliche Arbeit. In den vergangenen mehr als 60 Jahren haben viele Mitglieder ihre Freizeit geopfert, um f\u00fcr den BC Tempelhof t\u00e4tig zu werden. <\/p>\n\n\n\n<p>In der folgenden Tabelle haben wir alle bisherigen Vorstandsmitglieder in chronologischer Reihenfolge aufgelistet &#8211; vom ersten Vorstand nach der <a href=\"https:\/\/bctempelhof.de\/?page_id=24\" target=\"_blank\" rel=\"noreferrer noopener\">Gr\u00fcndung im Jahr 1957<\/a> bis heute. Ohne die Menschen auf dieser Liste w\u00fcrde es den BC Tempelhof als erfolgreichen, gesunden und unabh\u00e4ngigen reinen Badmintonverein heute sicher nicht mehr geben. Wir sagen daher vielen Dank an euch alle!<\/p>\n\n\n\n<figure class=\"wp-block-table\"><table><thead><tr><th>Jahr<\/th><th>1. Vorsitzender<\/th><th>2. Vorsitzender<\/th><th>Kassenwart<\/th><th>Sportwart<\/th><th>Jugendsportwart<\/th><\/tr><\/thead><tbody><tr><td>1957<\/td><td>Kurt Gericke<\/td><td>Kurt Zander<\/td><td>Helga-Ingrid Hilbert<\/td><td>Ingrid Siedschlag<\/td><td>Hans-Ulrich Eggers<\/td><\/tr><tr><td>1958<\/td><td>Kurt Gericke<\/td><td>Kurt Zander<\/td><td>Helga-Ingrid Hilbert<\/td><td>Ingrid Siedschlag<\/td><td>Hans-Ulrich Eggers<\/td><\/tr><tr><td>1959<\/td><td>Kurt Gericke<\/td><td>Eberhard R\u00fcdiger<\/td><td>Rosemarie Korze<\/td><td>Werner Schiemann<\/td><td>Hans-Ulrich Eggers<\/td><\/tr><tr><td>1960<\/td><td>Werner Funke<\/td><td>Eberhard R\u00fcdiger<\/td><td>Hans-Dietrich Kroll<\/td><td>Horst Junker<\/td><td>Hans-Ulrich Eggers<\/td><\/tr><tr><td>1961<\/td><td>Werner Funke<\/td><td>Eberhard R\u00fcdiger<\/td><td>Hans-Dietrich Kroll<\/td><td>Dieter Babenschneider<\/td><td>Werner Wasner<\/td><\/tr><tr><td>1962<\/td><td>Hans-Dietrich Kroll<\/td><td>Wilhelm Schulz<\/td><td>Ilse Ludwig<\/td><td>Dieter Babenschneider<\/td><td>Lothar Seegebarth<\/td><\/tr><tr><td>1963<\/td><td>Wilhelm Schulz<\/td><td>Klaus-Peter Freitag<\/td><td>Ingrid Hausbrandt<\/td><td>Dieter Babenschneider<\/td><td>Dieter Hupp<\/td><\/tr><tr><td>1964<\/td><td>Wilhelm Schulz<\/td><td>Klaus-R\u00fcdiger Tens<\/td><td>Ingrid Hausbrandt<\/td><td>Dieter Babenschneider<\/td><td>Gerhard P\u00e4lchen<\/td><\/tr><tr><td>1965<\/td><td>Wilhelm Schulz<\/td><td>Klaus-R\u00fcdiger Tens<\/td><td>Ingrid Hausbrandt<\/td><td>Dieter Babenschneider<\/td><td>Gerhard P\u00e4lchen<\/td><\/tr><tr><td>1966<\/td><td>Heinz Wemheuer<\/td><td>Dieter Hupp<\/td><td>Hans-J\u00fcrgen Erfurth<\/td><td>Dieter Babenschneider<\/td><td>Gerhard P\u00e4lchen<\/td><\/tr><tr><td>1967<\/td><td>Heinz Wemheuer<\/td><td>Klaus Kwiecinski<\/td><td>Bernd Lettker<\/td><td>Viktor Wagner<\/td><td>Horst Berndt<\/td><\/tr><tr><td>1968<\/td><td>Heinz Wemheuer<\/td><td>Klaus Kwiecinski<\/td><td>Bernd Lettker<\/td><td>Viktor Wagner<\/td><td>Horst Berndt<\/td><\/tr><tr><td>1969<\/td><td>Heinz Wemheuer<\/td><td>Klaus Kwiecinski<\/td><td>Bernd Lettker<\/td><td>Dieter Babenschneider<\/td><td>Detlef Eggers<\/td><\/tr><tr><td>1970<\/td><td>Heinz Wemheuer<\/td><td>Klaus Kwiecinski<\/td><td>Bernd Lettker<\/td><td>Dieter Babenschneider<\/td><td>Detlef Eggers<\/td><\/tr><tr><td>1971<\/td><td>Heinz Wemheuer<\/td><td>Klaus Kwiecinski<\/td><td>Bernd Lettker<\/td><td>Klaus Br\u00f6schke<\/td><td>Hans Wiese<\/td><\/tr><tr><td>1972<\/td><td>Wilhelm Schulz<\/td><td>Bernd Lettker<\/td><td>Bernd Lettker<\/td><td>Klaus Kwiecinski<\/td><td>Viktor Wagner<\/td><\/tr><tr><td>1973<\/td><td>Bernd Lettker<\/td><td>Klaus Br\u00f6schke<\/td><td>Bernd Lettker<\/td><td>Dieter Babenschneider<\/td><td>Roland Fritsch<\/td><\/tr><tr><td>1974<\/td><td>Bernd Lettker<\/td><td>Klaus Br\u00f6schke<\/td><td>Bernd Lettker<\/td><td>Dieter Babenschneider<\/td><td>Klaus-R\u00fcdiger Tens<\/td><\/tr><tr><td>1975<\/td><td>Bernd Lettker<\/td><td>Klaus Br\u00f6schke<\/td><td>Bernd Lettker<\/td><td>Dieter Babenschneider<\/td><td>Klaus-R\u00fcdiger Tens<\/td><\/tr><tr><td>1976<\/td><td>Bernd Lettker<\/td><td>Klaus M\u00e4tzig<\/td><td>Bernd Lettker<\/td><td>Dieter Babenschneider<\/td><td>Andreas Nolze<\/td><\/tr><tr><td>1977<\/td><td>Bernd Lettker<\/td><td>Klaus Br\u00f6schke<\/td><td>Bernd Lettker<\/td><td>Dieter Babenschneider<\/td><td>Bernhard Prinz<\/td><\/tr><tr><td>1978<\/td><td>Bernd Lettker<\/td><td>Klaus Br\u00f6schke<\/td><td>Bernd Lettker<\/td><td>Dieter Babenschneider<\/td><td>Bernhard Prinz<\/td><\/tr><tr><td>1979<\/td><td>Bernd Lettker<\/td><td>Klaus Br\u00f6schke<\/td><td>Erika Br\u00f6schke<\/td><td>Fritz-Heiner Brandt<\/td><td>Bernhard Prinz<\/td><\/tr><tr><td>1980<\/td><td>Bernd Lettker<\/td><td>Klaus Br\u00f6schke<\/td><td>Erika Br\u00f6schke<\/td><td>Fritz-Heiner Brandt<\/td><td>Dieter Babenschneider<\/td><\/tr><tr><td>1981<\/td><td>Klaus Br\u00f6schke<\/td><td>Klaus-Peter Freitag<\/td><td>Erika Br\u00f6schke<\/td><td>Dietmar Maidhof<\/td><td>Dieter Babenschneider<\/td><\/tr><tr><td>1982<\/td><td>Bernd Lettker<\/td><td>Klaus Br\u00f6schke<\/td><td>Erika Br\u00f6schke<\/td><td>Klaus-R\u00fcdiger Tens<\/td><td>Dieter Babenschneider<\/td><\/tr><tr><td>1983<\/td><td>Bernd Lettker<\/td><td>Klaus Br\u00f6schke<\/td><td>Erika Br\u00f6schke<\/td><td>Klaus-R\u00fcdiger Tens<\/td><td>Dieter Babenschneider<\/td><\/tr><tr><td>1984<\/td><td>Bernd Lettker<\/td><td>Ingrid Missal<\/td><td>Marina Ramers<\/td><td>Stefan Senftleben<\/td><td>Dieter Babenschneider<\/td><\/tr><tr><td>1985<\/td><td>Bernd Lettker<\/td><td>Ingrid Missal<\/td><td>Marina Ramers<\/td><td>Jannis Diglidis<\/td><td>Dieter Babenschneider<\/td><\/tr><tr><td>1986<\/td><td>Bernd Lettker<\/td><td>Ingrid Missal<\/td><td>Marina Ramers<\/td><td>Jannis Diglidis<\/td><td>Dieter Babenschneider<\/td><\/tr><tr><td>1987<\/td><td>Bernd Lettker<\/td><td>Ingrid Missal<\/td><td>Marina Ramers<\/td><td>Jannis Diglidis<\/td><td>Dieter Babenschneider<\/td><\/tr><tr><td>1988<\/td><td>Bernd Lettker<\/td><td>Klaus-Peter Freitag<\/td><td>Marina Ramers<\/td><td>Jannis Diglidis<\/td><td>Dieter Babenschneider<\/td><\/tr><tr><td>1989<\/td><td>Bernd Lettker<\/td><td>Klaus-Peter Freitag<\/td><td>Marina Ramers<\/td><td>Jannis Diglidis<\/td><td>Dieter Babenschneider<\/td><\/tr><tr><td>1990<\/td><td>Bernd Lettker<\/td><td>Klaus-Peter Freitag<\/td><td>Marina Ramers<\/td><td>Thomas Born<\/td><td>Dieter Babenschneider<\/td><\/tr><tr><td>1991<\/td><td>Bernd Lettker<\/td><td>Klaus-Peter Freitag<\/td><td>Marina Ramers<\/td><td>Thomas Born<\/td><td>Dieter Babenschneider<\/td><\/tr><tr><td>1992<\/td><td>Bernd Lettker<\/td><td>Klaus-Peter Freitag<\/td><td>Marina Ramers<\/td><td>Thomas Born<\/td><td>Dieter Babenschneider<\/td><\/tr><tr><td>1993<\/td><td>Bernd Lettker<\/td><td>Jannis Diglidis<\/td><td>Marina Ramers<\/td><td>Thomas Born<\/td><td>Dieter Babenschneider<\/td><\/tr><tr><td>1994<\/td><td>Bernd Lettker<\/td><td>Jannis Diglidis<\/td><td>Marina Ramers<\/td><td>Thomas Born<\/td><td>Dieter Babenschneider<\/td><\/tr><tr><td>1995<\/td><td>Bernd Lettker<\/td><td>Jannis Diglidis<\/td><td>Marina Ramers<\/td><td>Thomas Born<\/td><td>Dieter Babenschneider<\/td><\/tr><tr><td>1996<\/td><td>Bernd Lettker<\/td><td>Jannis Diglidis<\/td><td>Marina Ramers<\/td><td>Thomas Born<\/td><td>Olivia Kaminski<\/td><\/tr><tr><td>1997<\/td><td>Bernd Lettker<\/td><td>&#8211;<\/td><td>Marina Ramers<\/td><td>Thomas Born<\/td><td>Olivia Kaminski<\/td><\/tr><tr><td>1998<\/td><td>Bernd Lettker<\/td><td>Alexander Berndt<\/td><td>Katja Dre\u00dfke<\/td><td>Markus Berndt<\/td><td>Olivia Kaminski<\/td><\/tr><tr><td>1999<\/td><td>Bernd Lettker<\/td><td>Alexander Berndt<\/td><td>Katja Dre\u00dfke<\/td><td>Markus Berndt<\/td><td>Olivia Kaminski<\/td><\/tr><tr><td>2000<\/td><td>Bernd Lettker<\/td><td>Alexander Berndt<\/td><td>Jannis Diglidis<\/td><td>Markus Berndt<\/td><td>Olivia Kaminski<\/td><\/tr><tr><td>2001<\/td><td>Bernd Lettker<\/td><td>Alexander Berndt<\/td><td>Jannis Diglidis<\/td><td>Markus Berndt<\/td><td>Heinz Ottrembka<\/td><\/tr><tr><td>2002<\/td><td>Bernd Lettker<\/td><td>Alexander Berndt<\/td><td>Jannis Diglidis<\/td><td>Markus Berndt<\/td><td>Heinz Ottrembka<\/td><\/tr><tr><td>2003<\/td><td>Bernd Lettker<\/td><td>Alexander Berndt<\/td><td>Jannis Diglidis<\/td><td>Josse Joppich<\/td><td>Heinz Ottrembka<\/td><\/tr><tr><td>2004<\/td><td>Alexander Berndt<\/td><td>Delia Pramor<\/td><td>Robert Lutze<\/td><td>Philip Lutze<\/td><td>Heinz Ottrembka<\/td><\/tr><tr><td>2005<\/td><td>Alexander Berndt<\/td><td>Thomas Reichert<\/td><td>Sven Hattenbach<\/td><td>Ilona Kolpack<\/td><td>Anja Frenzel<\/td><\/tr><tr><td>2006<\/td><td>J\u00f6rg Raupach<\/td><td>Thomas Reichert<\/td><td>Sven Hattenbach<\/td><td>Ilona Kolpack<\/td><td>Josse Joppich<\/td><\/tr><tr><td>2007<\/td><td>Dieter Babenschneider<\/td><td>Erwin Mauson<\/td><td>Carsten Speck<\/td><td>Andreas Bernwald<\/td><td>Anja Frenzel<\/td><\/tr><tr><td>2008<\/td><td>Dieter Babenschneider<\/td><td>Erwin Mauson<\/td><td>Carsten Speck<\/td><td>Andreas Bernwald<\/td><td>Melanie Scheffler<\/td><\/tr><tr><td>2009<\/td><td>Dieter Babenschneider<\/td><td>Erwin Mauson<\/td><td>Carsten Speck<\/td><td>Andreas Bernwald<\/td><td>Melanie Scheffler<\/td><\/tr><tr><td>2010<\/td><td>Dieter Babenschneider<\/td><td>Erwin Mauson<\/td><td>Carsten Speck<\/td><td>Andreas Bernwald<\/td><td>Melanie Scheffler<\/td><\/tr><tr><td>2011<\/td><td>Dieter Babenschneider<\/td><td>Erwin Mauson<\/td><td>Carsten Speck<\/td><td>Andreas Bernwald<\/td><td>Melanie Scheffler<\/td><\/tr><tr><td>2012<\/td><td>Dieter Babenschneider<\/td><td>Erwin Mauson<\/td><td>Carsten Speck<\/td><td>Andreas Bernwald<\/td><td>Melanie Scheffler<\/td><\/tr><tr><td>2013<\/td><td>Dieter Babenschneider<\/td><td>Erwin Mauson<\/td><td>Carsten Speck<\/td><td>Andreas Bernwald<\/td><td>Melanie Scheffler<\/td><\/tr><tr><td>2014<\/td><td>Dieter Babenschneider<\/td><td>Erwin Mauson<\/td><td>Carsten Speck<\/td><td>Andreas Bernwald<\/td><td>Melanie Scheffler<\/td><\/tr><tr><td>2015<\/td><td>Dieter Babenschneider<\/td><td>Erwin Mauson<\/td><td>Carsten Speck<\/td><td>Andreas Bernwald<\/td><td>Melanie Scheffler<\/td><\/tr><tr><td>2016<\/td><td>Dieter Babenschneider<\/td><td>Erwin Mauson<\/td><td>Christian Knauer<\/td><td>Andreas Bernwald<\/td><td>Melanie Scheffler<\/td><\/tr><tr><td>2017<\/td><td>Erwin Mauson<\/td><td>Oliver Engelbrecht<\/td><td>Christian Knauer<\/td><td>Andreas Bernwald<\/td><td>Melanie Knauer<\/td><\/tr><tr><td>2018<\/td><td>Erwin Mauson<\/td><td>Oliver Engelbrecht<\/td><td>Christian Knauer<\/td><td>Andreas Bernwald<\/td><td>Melanie Knauer<\/td><\/tr><tr><td>2019<\/td><td>Erwin Mauson<\/td><td>Maren Hom\u00f6lle<\/td><td>Christian Knauer<\/td><td>Andreas Bernwald<\/td><td>Melanie Knauer<\/td><\/tr><tr><td>2020<\/td><td>Erwin Mauson<\/td><td>Maren Hom\u00f6lle<\/td><td>Christian Knauer<\/td><td>Andreas Bernwald<\/td><td>Melanie Knauer<\/td><\/tr><tr><td>2021<\/td><td>Erwin Mauson<\/td><td>Maren Hom\u00f6lle<\/td><td>Christian Knauer<\/td><td>Andreas Bernwald<\/td><td>Melanie Knauer<\/td><\/tr><tr><td>2022<\/td><td>Erwin Mauson<\/td><td>Maren Hom\u00f6lle<\/td><td>Christian Knauer<\/td><td>Andreas Bernwald<\/td><td>Anne Ernst<\/td><\/tr><tr><td>2023<\/td><td>Sabine Lorenz<\/td><td>Celina Lorenz<\/td><td>Christian Knauer<\/td><td>Andreas Bernwald<\/td><td>Anne Ernst<\/td><\/tr><tr><td>2024<\/td><td>Sabine Lorenz<\/td><td>Celina Lorenz<\/td><td>Christian Knauer<\/td><td>Andreas Bernwald<\/td><td>Anne Ernst<\/td><\/tr><\/tbody><\/table><\/figure>\n","protected":false},"excerpt":{"rendered":"<p>Der Vorstand des BC Tempelhof stellt sich vor Der Vorstand des BC Tempelhof besteht laut Satzung aus f\u00fcnf Personen. Diese d\u00fcrfen zudem Aufgaben an andere Vereinsmitglieder delegieren, die ihnen gerne bei ihrer Arbeit helfen m\u00f6chten. Ihr k\u00f6nnt den Vorstand unter den unten angegebenen Telefonnummern und E-Mail Adressen direkt erreichen, oder einfach unser Kontaktformular ausf\u00fcllen. Der [&hellip;]<\/p>\n","protected":false},"author":1,"featured_media":0,"parent":0,"menu_order":0,"comment_status":"closed","ping_status":"closed","template":"","meta":{"footnotes":""},"class_list":["post-28","page","type-page","status-publish","hentry"],"_links":{"self":[{"href":"https:\/\/bctempelhof.de\/index.php?rest_route=\/wp\/v2\/pages\/28","targetHints":{"allow":["GET"]}}],"collection":[{"href":"https:\/\/bctempelhof.de\/index.php?rest_route=\/wp\/v2\/pages"}],"about":[{"href":"https:\/\/bctempelhof.de\/index.php?rest_route=\/wp\/v2\/types\/page"}],"author":[{"embeddable":true,"href":"https:\/\/bctempelhof.de\/index.php?rest_route=\/wp\/v2\/users\/1"}],"replies":[{"embeddable":true,"href":"https:\/\/bctempelhof.de\/index.php?rest_route=%2Fwp%2Fv2%2Fcomments&post=28"}],"version-history":[{"count":31,"href":"https:\/\/bctempelhof.de\/index.php?rest_route=\/wp\/v2\/pages\/28\/revisions"}],"predecessor-version":[{"id":1021,"href":"https:\/\/bctempelhof.de\/index.php?rest_route=\/wp\/v2\/pages\/28\/revisions\/1021"}],"wp:attachment":[{"href":"https:\/\/bctempelhof.de\/index.php?rest_route=%2Fwp%2Fv2%2Fmedia&parent=28"}],"curies":[{"name":"wp","href":"https:\/\/api.w.org\/{rel}","templated":true}]}}